{"id":4103,"date":"2023-02-10T18:09:52","date_gmt":"2023-02-10T10:09:52","guid":{"rendered":"https:\/\/hb-international.com\/?post_type=linkedin&#038;p=4103"},"modified":"2023-02-10T18:10:06","modified_gmt":"2023-02-10T10:10:06","slug":"hbi-x-alpes-supply-chain-a-annecy-france-%e2%99%bb%ef%b8%8f","status":"publish","type":"linkedin","link":"https:\/\/hb-international.com\/tr\/linkedin\/hbi-x-alpes-supply-chain-a-annecy-france-%e2%99%bb%ef%b8%8f\/","title":{"rendered":"HBI X Alpes Supply Chain \u00e0 Annecy France &#x267b;&#xfe0f;"},"content":{"rendered":"\n<p>Le 6 D\u00e9cembre, HBI \u00e9tait pr\u00e9sent \u00e0 la conf\u00e9rence sur la r\u00e9duction des \u00e9missions de CO2 dans les transports de marchandises, organis\u00e9e par Alpes Supply Chain.<\/p>\n\n\n\n<p>L\u2019une des principales missions d\u2019Alpes Supply Chain, \u00e0 laquelle HBI adh\u00e8re pleinement, est de mener des projets collaboratifs inter-entreprises qui visent \u00e0 mutualiser les ressources et disposer de leviers d&#8217;action cons\u00e9quents, afin de r\u00e9pondre aux enjeux soci\u00e9taux et environnementaux n\u00e9cessitant une dynamique collective.<\/p>\n\n\n\n<p>La conf\u00e9rence CO2 du 06 d\u00e9cembre, qui a accueilli pas moins de 120 participants, a permis aux entreprises du transport et de la logistique de t\u00e9moigner sur leurs impacts \u00e9cologiques et leurs \u00e9coconduites au quotidien, et de partager leurs solutions visant \u00e0 r\u00e9duire l\u2019impact environnemental. HBI, tr\u00e8s d\u00e9sireux d\u2019\u00eatre moteur dans ce domaine, a profit\u00e9 de cette occasion pour d\u00e9montrer son engagement mais aussi, partager ses propres solutions en faveur de la transition \u00e9cologique.<\/p>\n\n\n\n<p>Nous vous partageons le podcast de Sami FOUADH, directeur Europe HBI, interview\u00e9 lors de cet \u00e9v\u00e8nement sur les multiples solutions d\u00e9ploy\u00e9es par le groupe HBI, pour r\u00e9duire l\u2019impact CO2 sur notre environnement. En vous souhaitant une bonne \u00e9coute !<\/p>\n\n\n\n<p><a href=\"https:\/\/www.radiosupplychain.fr\/podcasts\/linvite-de-la-redaction-sami-fouadh-directeur-europe-de-hbi\/\">L\u2019invit\u00e9 de la r\u00e9daction \u2013 Sami FOUADH- Directeur Europe de HBI | Radio Supply Chain<\/a><\/p>\n","protected":false},"featured_media":4104,"template":"","class_list":["post-4103","linkedin","type-linkedin","status-publish","has-post-thumbnail","hentry","entry","has-media"],"acf":[],"_links":{"self":[{"href":"https:\/\/hb-international.com\/tr\/wp-json\/wp\/v2\/linkedin\/4103","targetHints":{"allow":["GET"]}}],"collection":[{"href":"https:\/\/hb-international.com\/tr\/wp-json\/wp\/v2\/linkedin"}],"about":[{"href":"https:\/\/hb-international.com\/tr\/wp-json\/wp\/v2\/types\/linkedin"}],"version-history":[{"count":0,"href":"https:\/\/hb-international.com\/tr\/wp-json\/wp\/v2\/linkedin\/4103\/revisions"}],"wp:featuredmedia":[{"embeddable":true,"href":"https:\/\/hb-international.com\/tr\/wp-json\/wp\/v2\/media\/4104"}],"wp:attachment":[{"href":"https:\/\/hb-international.com\/tr\/wp-json\/wp\/v2\/media?parent=4103"}],"curies":[{"name":"wp","href":"https:\/\/api.w.org\/{rel}","templated":true}]}}